{"id":102,"date":"2022-07-12T14:30:54","date_gmt":"2022-07-12T12:30:54","guid":{"rendered":"http:\/\/www.soep-cov.de\/?page_id=102"},"modified":"2023-05-16T12:22:27","modified_gmt":"2023-05-16T10:22:27","slug":"kooperationen","status":"publish","type":"page","link":"https:\/\/www.soep-cov.de\/en\/kooperationen\/","title":{"rendered":"Cooperations"},"content":{"rendered":"<h1 class=\"wp-block-heading\" style=\"font-size:23px\"><strong>SOEP-CoV Kooperations- und Forschungsprojekte \/<\/strong> <strong><em>Cooperation and Research Projects&nbsp;<\/em><\/strong><\/h1>\n\n\n\n<div class=\"wp-block-group has-large-font-size is-layout-flow wp-block-group-is-layout-flow\">\n<p class=\"has-black-color has-text-color\" style=\"font-size:8px\"><\/p>\n\n\n\n<ul class=\"has-black-color has-text-color has-large-font-size wp-block-list\" style=\"line-height:1.7\">\n<li><mark style=\"background-color:rgba(0, 0, 0, 0)\" class=\"has-inline-color has-black-color\"><a href=\"#gesundheit\"><span style=\"text-decoration: underline;\">Gesundheitsverhalten &amp; Gesundheitliche Ungleichheit \/\u00a0<em>Health behavior &amp; health inequality<\/em><\/span><\/a><\/mark><\/li>\n\n\n\n<li><mark style=\"background-color:rgba(0, 0, 0, 0)\" class=\"has-inline-color has-black-color\"><a href=\"#arbeit\"><span style=\"text-decoration: underline;\">Arbeitsmarkt und Erwerbsarbeit \/\u00a0<em>Labor market and employment<\/em><\/span><\/a><\/mark><\/li>\n\n\n\n<li><mark style=\"background-color:rgba(0, 0, 0, 0)\" class=\"has-inline-color has-black-color\"><a href=\"#zufriedenheit\"><span style=\"text-decoration: underline;\">Mentale Gesundheit, Zufriedenheit und Freizeit \/\u00a0<em>Mental health, well-being and leisure time<\/em><\/span><\/a><\/mark><\/li>\n\n\n\n<li><mark style=\"background-color:rgba(0, 0, 0, 0)\" class=\"has-inline-color has-black-color\"><a href=\"#migration\"><span style=\"text-decoration: underline;\">Migration<\/span><\/a><\/mark><\/li>\n\n\n\n<li><mark style=\"background-color:rgba(0, 0, 0, 0)\" class=\"has-inline-color has-black-color\"><a href=\"#familie\"><span style=\"text-decoration: underline;\">Familie, Partnerschaft, Kinder \/\u00a0<em>Family, partnership, children<\/em><\/span><\/a><\/mark><\/li>\n\n\n\n<li><mark style=\"background-color:rgba(0, 0, 0, 0)\" class=\"has-inline-color has-black-color\"><a href=\"#zusammenhalt\"><span style=\"text-decoration: underline;\">Gesellschaftlicher Zusammenhalt \/\u00a0<em>Social cohesion<\/em>\u00a0<\/span><\/a><\/mark><\/li>\n<\/ul>\n\n\n\n<p><\/p>\n\n\n\n<p><\/p>\n\n\n\n<p><\/p>\n\n\n\n<p><\/p>\n\n\n\n<p class=\"has-text-color\" id=\"gesundheit\" style=\"color:#ae393f;line-height:1\"><strong>Gesundheitsverhalten &amp; Gesundheitliche Ungleichheit:<\/strong><\/p>\n\n\n\n<p><strong><br>The impact of COVID\u201019 on well\u2010being and health&nbsp;&nbsp;&nbsp;&nbsp;&nbsp;&nbsp;&nbsp;&nbsp;&nbsp;&nbsp;<\/strong><\/p>\n\n\n\n<p>Carsten Schr\u00f6der (SOEP, DIW Berlin)<br>Simon K\u00fchne (Universit\u00e4t Bielefeld)<br>Conchita D\u2019Ambrosio (University of Luxembourg)<br>Andrew Clark (Paris School of Economics)<br>B\u00e9n\u00e9dicte Apouey (Paris School of Economics)<br><\/p>\n\n\n\n<p><strong>Personality and Norm Conformity: The Case of Covid-19<\/strong><\/p>\n\n\n\n<p>Theresa Entringer (SOEP, DIW Berlin)<br>Prof. Jochen Gebauer (Universit\u00e4t Mannheim)<br><\/p>\n\n\n\n<p><strong>Attitudes towards vaccination<\/strong><\/p>\n\n\n\n<p>Daniel Graeber (SOEP, DIW Berlin)<br>Carsten Schr\u00f6der (SOEP, DIW Berlin)<br>Christoph Schmidt-Petri (Karlsruhe Institute of Technology)<br>Toshihiro Okub (Keio University, Japan)<br><\/p>\n\n\n\n<p><strong>Sorgen um Corona: Die Bedeutung gesundheitlicher Infrastruktur<\/strong><\/p>\n\n\n\n<p>Simon K\u00fchne (Universit\u00e4t Bielefeld)<br>Martina Brandt (TU Dortmund)<br>Claudius Garten (TU Dortmund)<br>Alina Schmitz (TU Dortmund)<br><\/p>\n\n\n\n<p><strong>Perceived neighbourhood social cohesion pre-Covid-19: a mediator and moderator in the relationship between of Covid-19 stressors and mental and physical health?<\/strong><\/p>\n\n\n\n<p>Simon K\u00fchne (Universit\u00e4t Bielefeld)<br>Odile Sauzet (Universit\u00e4t Bielefeld)<br>Oliver Razum (Universit\u00e4t Bielefeld)<br><\/p>\n\n\n\n<p><strong>Gesundheitsverhalten in der Corona-Krise<\/strong><\/p>\n\n\n\n<p>Simon K\u00fchne (Universit\u00e4t Bielefeld)<br>Jennifer Allen (Robert Koch-Institut)<br>Stefan Damerow (Robert Koch-Institut)<br>Jens Hoebel (Robert Koch-Institut)<br>Johannes Lemcke (Robert Koch-Institut)<br>Niels Michalski (Robert Koch-Institut)<\/p>\n\n\n\n<p class=\"has-text-align-center\"><a href=\"https:\/\/www.soep-cov.de\/en\/kooperationen\/\" data-type=\"URL\" data-id=\"https:\/\/www.soep-cov.de\/de\/kooperationen\"><span style=\"text-decoration: underline;\">zur\u00fcck zum Inhaltsverzeichnis\/up<\/span><\/a><\/p>\n\n\n\n<p><\/p>\n\n\n\n<p><\/p>\n\n\n\n<p class=\"has-text-color\" id=\"arbeit\" style=\"color:#ae393f\"><strong>Arbeitsmarkt und Erwerbsarbeit:<\/strong><\/p>\n\n\n\n<p><strong><br>How do firms with a workers&#8216; council tackle the corona pandemic?<\/strong><\/p>\n\n\n\n<p>Markus M. Grabka (SOEP, DIW Berlin)<br>Viola Hilbert (SOEP, DIW Berlin)<br>Lazlo Goerke et al. (Universit\u00e4t Trier)<br><\/p>\n\n\n\n<p><strong>Corona and the housing market<\/strong><\/p>\n\n\n\n<p>Markus M. Grabka (SOEP, DIW Berlin)<br>Rainer Braun et al. (Empirica)<br><\/p>\n\n\n\n<p><strong>Betriebliche Arbeitsschutzma\u00dfnahmen in der Covid-19 Krise: Anwendung, Angemessenheit und Compliance aus Sicht unterschiedlicher Besch\u00e4ftigtengruppen&nbsp;&nbsp;&nbsp;<\/strong><\/p>\n\n\n\n<p>Markus M. Grabka (SOEP, DIW Berlin)<br>Carsten Schr\u00f6der (SOEP, DIW Berlin)<br>Ralf Himmelreicher (BAuA)<br>Sabine Sommer (BAuA)<br>Anita Tische (BAuA)<br><\/p>\n\n\n\n<p><strong>Wie wirkt sich Covid-19 auf Erwerbst\u00e4tige im Niedriglohnsektor aus?&nbsp;<\/strong><\/p>\n\n\n\n<p>Markus M. Grabka (SOEP, DIW Berlin)<br>Carsten Schr\u00f6der (SOEP, DIW Berlin)<br>Ralf Himmelreicher (BAuA)<br><\/p>\n\n\n\n<p><strong>Stock market participation during Covid-19<\/strong><\/p>\n\n\n\n<p>Carsten Schr\u00f6der (SOEP, DIW Berlin)<br>Lukas Menkhoff (DIW Berlin)<br><\/p>\n\n\n\n<p><strong>Productivity of home workers<\/strong><\/p>\n\n\n\n<p>Carsten Schr\u00f6der (SOEP, DIW Berlin)<br>Katja M\u00f6hring (Universit\u00e4t Mannheim)<br>Darja Reuschke (University of Southampton)<\/p>\n\n\n\n<p class=\"has-text-align-center\"><a href=\"https:\/\/www.soep-cov.de\/en\/kooperationen\/\"><span style=\"text-decoration: underline;\"><mark style=\"background-color:rgba(0, 0, 0, 0)\" class=\"has-inline-color has-black-color\">zur\u00fcck zum Inhaltsverzeichnis\/ up<\/mark><\/span><\/a><\/p>\n\n\n\n<p><\/p>\n\n\n\n<p><\/p>\n\n\n\n<p class=\"has-text-color\" id=\"zufriedenheit\" style=\"color:#ae393f\"><strong>Mentale Gesundheit, Zufriedenheit und Freizeit:<\/strong><\/p>\n\n\n\n<p><strong><br>Mitigating adverse social and health impacts of COVID-19 with applied arts<\/strong><\/p>\n\n\n\n<p>Hans Walter Steinhauer (SOEP, DIW Berlin)<br>Jennifer P\u00e9dussel Wu (HWR Berlin)<br>Martina Metzger (HWR Berlin)<br><\/p>\n\n\n\n<p><strong>Auswirkungen der Corona-Pandemie auf den Leistungssport<\/strong><\/p>\n\n\n\n<p>Hans Walter Steinhauer (SOEP, DIW Berlin)<br>S\u00f6ren Dallmeyer (Deutsche Sporthochschule K\u00f6ln)<br><\/p>\n\n\n\n<p><strong>Religiosity and Changes in Subjective Well-Being During the first two lockdowns of the COVID-19 Pandemic in Germany<\/strong><\/p>\n\n\n\n<p>Theresa Entringer (SOEP, DIW Berlin)<br>Hannes Kr\u00f6ger (SOEP, DIW Berlin)<br>Jan-Philip Steinmann (Universit\u00e4t Bremen)<br>J\u00f6rg Hartmann (Georg-August-Universit\u00e4t G\u00f6ttingen)<br><\/p>\n\n\n\n<p><strong>Ver\u00e4nderung der Zeitnutzung im Alltag w\u00e4hrend der COVID-19 Pandemie und psychosoziale Implikationen<\/strong><\/p>\n\n\n\n<p>Laura Buchinger (SOEP, DIW Berlin)<br>Theresa Entringer (SOEP, DIW Berlin)<br>Hannes Kr\u00f6ger (SOEP, DIW Berlin)<br>Samuel Tomczyk (Universit\u00e4t Greifswald)&nbsp;<br>Laura Altweck (Universit\u00e4t Greifswald)<br><\/p>\n\n\n\n<p><strong>Effects of public health measures on mental health during the COVID-19 pandemic in Germany&nbsp;<\/strong><\/p>\n\n\n\n<p>Theresa Entringer (SOEP, DIW Berlin)<br>Christoph Benke (Philipps-Universit\u00e4t Marburg)<br>Eva Asselmann (HU Berlin)<br>Christiane Pan\u00e9-Farr\u00e9 (Philipps-Universit\u00e4t Marburg)<br><\/p>\n\n\n\n<p><strong>Loneliness During a Lockdown and the Moderating Effects of Extraversion<\/strong><\/p>\n\n\n\n<p>Theresa Entringer (SOEP, DIW Berlin)<br>Samuel Gosling (University of Texas at Austin)<br><\/p>\n\n\n\n<p><strong>The impact of the COVID-19 pandemic on depression, anxiety, loneliness, life, and health satisfaction in the German general population &#8211; a longitudinal analysis<\/strong><\/p>\n\n\n\n<p>Theresa Entringer (SOEP, DIW Berlin)<br>Hannes Kr\u00f6ger (SOEP, DIW Berlin)<br>Nora Hettich (Johannes Gutenberg-Universit\u00e4t Mainz)<br>Peter Schmidt (Johannes Gutenberg-Universit\u00e4t Mainz)&nbsp;<br>Ana Tibubos (Universit\u00e4t Trier)<br>Elmar Br\u00e4hler (Johannes Gutenberg-Universit\u00e4t Mainz)<br>Manfred Beutel (Johannes Gutenberg-Universit\u00e4t Mainz)<br><\/p>\n\n\n\n<p><strong>Corona-Zukunft: Optimisten und Pessimisten<\/strong><\/p>\n\n\n\n<p>Simon K\u00fchne (Universit\u00e4t Bielefeld)<br>Carolin Kunz (TU Dortmund)&nbsp;<br>Bj\u00f6rn Hu\u00df (Leibniz Universit\u00e4t Hannover)<br><\/p>\n\n\n\n<p><strong>Covid-19 als Refiguration der zeitlichen Ordnung von Wirtschaft und Gesellschaft<\/strong><\/p>\n\n\n\n<p>Simon K\u00fchne (Universit\u00e4t Bielefeld)<br>Lisa Suckert (Max-Planck-Institut f\u00fcr Gesellschaftsforschung)<\/p>\n\n\n\n<p class=\"has-text-align-center\"><a href=\"https:\/\/www.soep-cov.de\/en\/kooperationen\/\"><span style=\"text-decoration: underline;\"><mark style=\"background-color:rgba(0, 0, 0, 0)\" class=\"has-inline-color has-black-color\">zur\u00fcck zum Inhaltsverzeichnis\/up<\/mark><\/span><\/a><\/p>\n\n\n\n<p><\/p>\n\n\n\n<p><\/p>\n\n\n\n<p class=\"has-text-color\" id=\"migration\" style=\"color:#ae393f\"><strong>Migration:<\/strong><\/p>\n\n\n\n<p><strong><br>Mental health among immigrants in Germany during the COVID-19 pandemic<\/strong><\/p>\n\n\n\n<p>Jannes Jacobsen (Freie Universit\u00e4t Berlin)<br>Coline Kuche (Georg-August-Universit\u00e4t G\u00f6ttingen)<br>Lena Walther (Charit\u00e9\u2013Universit\u00e4tsmedizin Berlin)<br>Christian von Scheve (Freie Universit\u00e4t Berlin)<br>Eric Hahn (Charit\u00e9\u2013Universit\u00e4tsmedizin Berlin)<br>Thi Minh Tam Ta (Charit\u00e9\u2013Universit\u00e4tsmedizin Berlin)<br>Silke Hans (Georg-August-Universit\u00e4t G\u00f6ttingen)<br>Malek Bajbouj (Charit\u00e9\u2013Universit\u00e4tsmedizin Berlin)<\/p>\n\n\n\n<p><strong>Perceived Job Insecurity in Times of the COVID-19 Pandemic: Do Immigrants Worry More?<\/strong><\/p>\n\n\n\n<p>Simon K\u00fchne (Universit\u00e4t Bielefeld)<br>Marvin B\u00fcrmann (Universit\u00e4t Bielefeld)<br>Jannes Jacobsen (Freie Universit\u00e4t Berlin)<br>Cornelia Kristen (Universit\u00e4t Bamberg)<br>Dorian Tsolak (Universit\u00e4t Bielefeld)<\/p>\n\n\n\n<p class=\"has-text-align-center\"><span style=\"text-decoration: underline;\"><a href=\"https:\/\/www.soep-cov.de\/en\/kooperationen\/\"><mark style=\"background-color:rgba(0, 0, 0, 0)\" class=\"has-inline-color has-black-color\">zur\u00fcck zum Inhaltsverzeichnis\/up<\/mark><\/a><\/span><\/p>\n\n\n\n<p><\/p>\n\n\n\n<p><\/p>\n\n\n\n<p class=\"has-text-color\" id=\"familie\" style=\"color:#ae393f\"><strong>Familie, Partnerschaft, Kinder:<\/strong><\/p>\n\n\n\n<p><strong><br>Time spent at home with school-related activities: a longitudinal study of social groups<\/strong><\/p>\n\n\n\n<p>Sabine Zinn (SOEP, DIW Berlin)<br>Michael Bayer, (Leibniz Institute for Educational Trajectories, Bamberg &amp; Evangelische Hochschule N\u00fcrnberg)<br><\/p>\n\n\n\n<p><strong>Informal care during the COVID-19 lockdown: determinants and consequences for subjective well-being and health<\/strong><\/p>\n\n\n\n<p>Sabine Zinn (SOEP, DIW Berlin)<br>Katja M\u00f6hring (Universit\u00e4t Mannheim)<br>Ulrike Ehrlich (Deutsches Zentrum f\u00fcr Altersfragen (DZA) Berlin)<br><\/p>\n\n\n\n<p><strong>Impact of COVID-19 on the gendered division of work and gender norms<\/strong><\/p>\n\n\n\n<p>Simon K\u00fchne (Universit\u00e4t Bielefeld)<br>Cara Ebert (RWI Essen)<br>Maximilian Sprengholz (Humboldt-Universit\u00e4t zu Berlin)<br>Janina Steinert (Technische Universit\u00e4t M\u00fcnchen)<\/p>\n\n\n\n<p class=\"has-text-align-center\"><a href=\"https:\/\/www.soep-cov.de\/en\/kooperationen\/\"><span style=\"text-decoration: underline;\"><mark style=\"background-color:rgba(0, 0, 0, 0)\" class=\"has-inline-color has-black-color\">zur\u00fcck zum Inhaltsverzeichnis\/up<\/mark><\/span><\/a><\/p>\n\n\n\n<p><\/p>\n\n\n\n<p><\/p>\n\n\n\n<p class=\"has-text-color\" id=\"zusammenhalt\" style=\"color:#ae393f\"><strong>Gesellschaftlicher Zusammenhalt:&nbsp;<\/strong><\/p>\n\n\n\n<p><strong><br>Personality and polarization: The role of the Big Five traits in political discontent during the COVID-19 pandemic<\/strong><\/p>\n\n\n\n<p>Theresa Entringer (SOEP, DIW Berlin)<br>Simon K\u00fchne (Universit\u00e4t Bielefeld)<br>Eva Asselmann (Humboldt-Universit\u00e4t zu Berlin)<br>David Schieferdecker (Freie Universit\u00e4t Berlin)<br>Jule Specht (Humboldt-Universit\u00e4t zu Berlin)<br><\/p>\n\n\n\n<p><strong>Interpersonal Trust at Times of a Pandemic (gef\u00f6rdert durch die VolkswagenStiftung)<\/strong><\/p>\n\n\n\n<p>Simon K\u00fchne (Universit\u00e4t Bielefeld)<br>Martin Kroh (Universit\u00e4t Bielefeld)<\/p>\n\n\n\n<p><strong><br>Beliefs in Conspiracy Narratives: Effects on the Acceptance of COVID-19 Control Measures and Vaccination<\/strong><\/p>\n\n\n\n<p>Simon K\u00fchne (Universit\u00e4t Bielefeld)<br>Martin Kroh (Universit\u00e4t Bielefeld)<\/p>\n\n\n\n<p><strong><br>Von der Corona-Krise zur Vertrauenskrise? Analysen zum Einfluss von Sozialpolitik und deren Wahrnehmung auf Sorgen um den gesellschaftlichen Zusammenhalt<\/strong><\/p>\n\n\n\n<p>Simon K\u00fchne (Universit\u00e4t Bielefeld)<br>Martin Gro\u00df (Universit\u00e4t T\u00fcbingen)<br>Volker Lang (Universit\u00e4t T\u00fcbingen)<br>Marvin B\u00fcrmann (Universit\u00e4t Bielefeld)<br><\/p>\n\n\n\n<p><strong>Wirtschaftliche Verunsicherung der Mittelschichten und das Sorgenparadox<\/strong><\/p>\n\n\n\n<p>Sabine Zinn (SOEP, DIW Berlin)<br>Simon K\u00fchne (Universit\u00e4t Bielefeld)<br>Jessica Ordemann (DZHW)<br>Holger Lengfeld (Universit\u00e4t Leipzig)<\/p>\n\n\n\n<p class=\"has-text-align-center has-large-font-size\"><a href=\"https:\/\/www.soep-cov.de\/en\/kooperationen\/\"><span style=\"text-decoration: underline;\">zur\u00fcck zum Inhaltsverzeichnis\/up<\/span><\/a><\/p>\n<\/div>\n\n\n\n<figure class=\"wp-block-image aligncenter size-full is-resized\"><img loading=\"lazy\" decoding=\"async\" src=\"http:\/\/www.soep-cov.de\/wp-content\/uploads\/2022\/07\/gefoerdert_vom_bmbf_deutsch_1.jpg\" alt=\"\" class=\"wp-image-169\" width=\"194\" height=\"129\" srcset=\"https:\/\/www.soep-cov.de\/wp-content\/uploads\/2022\/07\/gefoerdert_vom_bmbf_deutsch_1.jpg 774w, https:\/\/www.soep-cov.de\/wp-content\/uploads\/2022\/07\/gefoerdert_vom_bmbf_deutsch_1-300x199.jpg 300w, https:\/\/www.soep-cov.de\/wp-content\/uploads\/2022\/07\/gefoerdert_vom_bmbf_deutsch_1-768x510.jpg 768w, https:\/\/www.soep-cov.de\/wp-content\/uploads\/2022\/07\/gefoerdert_vom_bmbf_deutsch_1-18x12.jpg 18w\" sizes=\"auto, (max-width: 194px) 100vw, 194px\" \/><\/figure>","protected":false},"excerpt":{"rendered":"<p>SOEP-CoV Kooperations- und Forschungsprojekte \/ Cooperation and Research Projects&nbsp; Gesundheitsverhalten &amp; Gesundheitliche Ungleichheit: The impact of COVID\u201019 on well\u2010being and health&nbsp;&nbsp;&nbsp;&nbsp;&nbsp;&nbsp;&nbsp;&nbsp;&nbsp;&nbsp; Carsten Schr\u00f6der (SOEP, DIW Berlin)Simon K\u00fchne (Universit\u00e4t Bielefeld)Conchita D\u2019Ambrosio (University of Luxembourg)Andrew Clark (Paris School of Economics)B\u00e9n\u00e9dicte Apouey (Paris School of Economics) Personality and Norm Conformity: The Case of Covid-19 Theresa Entringer (SOEP, DIW [&hellip;]<\/p>\n","protected":false},"author":3,"featured_media":0,"parent":0,"menu_order":0,"comment_status":"closed","ping_status":"closed","template":"","meta":{"footnotes":""},"class_list":["post-102","page","type-page","status-publish","hentry","wpbf-post"],"_links":{"self":[{"href":"https:\/\/www.soep-cov.de\/en\/wp-json\/wp\/v2\/pages\/102","targetHints":{"allow":["GET"]}}],"collection":[{"href":"https:\/\/www.soep-cov.de\/en\/wp-json\/wp\/v2\/pages"}],"about":[{"href":"https:\/\/www.soep-cov.de\/en\/wp-json\/wp\/v2\/types\/page"}],"author":[{"embeddable":true,"href":"https:\/\/www.soep-cov.de\/en\/wp-json\/wp\/v2\/users\/3"}],"replies":[{"embeddable":true,"href":"https:\/\/www.soep-cov.de\/en\/wp-json\/wp\/v2\/comments?post=102"}],"version-history":[{"count":25,"href":"https:\/\/www.soep-cov.de\/en\/wp-json\/wp\/v2\/pages\/102\/revisions"}],"predecessor-version":[{"id":518,"href":"https:\/\/www.soep-cov.de\/en\/wp-json\/wp\/v2\/pages\/102\/revisions\/518"}],"wp:attachment":[{"href":"https:\/\/www.soep-cov.de\/en\/wp-json\/wp\/v2\/media?parent=102"}],"curies":[{"name":"wp","href":"https:\/\/api.w.org\/{rel}","templated":true}]}}